{"id":1761,"date":"2021-04-07T13:07:02","date_gmt":"2021-04-07T11:07:02","guid":{"rendered":"https:\/\/nuria.kuko-ev.de\/contact-us\/"},"modified":"2023-02-20T10:48:56","modified_gmt":"2023-02-20T09:48:56","slug":"contact-us","status":"publish","type":"page","link":"https:\/\/nuria.kuko-ev.de\/en\/contact-us\/","title":{"rendered":"Contact Us"},"content":{"rendered":"\t\t<div data-elementor-type=\"wp-page\" data-elementor-id=\"1761\" class=\"elementor elementor-1761 elementor-159\" data-elementor-post-type=\"page\">\n\t\t\t\t\t\t<section class=\"elementor-section elementor-top-section elementor-element elementor-element-6b3abe73 elementor-section-stretched elementor-section-full_width elementor-section-content-middle elementor-section-height-default elementor-section-height-default\" data-id=\"6b3abe73\" data-element_type=\"section\" data-settings=\"{&quot;stretch_section&quot;:&quot;section-stretched&quot;}\">\n\t\t\t\t\t\t<div class=\"elementor-container elementor-column-gap-no\">\n\t\t\t\t\t<div class=\"elementor-column elementor-col-100 elementor-top-column elementor-element elementor-element-180e526d\" data-id=\"180e526d\" data-element_type=\"column\">\n\t\t\t<div class=\"elementor-widget-wrap elementor-element-populated\">\n\t\t\t\t\t\t<div class=\"elementor-element elementor-element-40f20414 elementor-widget elementor-widget-google_maps\" data-id=\"40f20414\" data-element_type=\"widget\" data-widget_type=\"google_maps.default\">\n\t\t\t\t<div class=\"elementor-widget-container\">\n\t\t\t\t\t\t\t<div class=\"elementor-custom-embed\">\n\t\t\t<iframe loading=\"lazy\"\n\t\t\t\t\tsrc=\"https:\/\/maps.google.com\/maps?q=Strada%20Povernei%2020%2C%20Bucuresti&#038;t=m&#038;z=16&#038;output=embed&#038;iwloc=near\"\n\t\t\t\t\ttitle=\"Strada Povernei 20, Bucuresti\"\n\t\t\t\t\taria-label=\"Strada Povernei 20, Bucuresti\"\n\t\t\t><\/iframe>\n\t\t<\/div>\n\t\t\t\t\t\t<\/div>\n\t\t\t\t<\/div>\n\t\t\t\t\t<\/div>\n\t\t<\/div>\n\t\t\t\t\t<\/div>\n\t\t<\/section>\n\t\t\t\t<section class=\"elementor-section elementor-top-section elementor-element elementor-element-6614e9b3 elementor-section-content-middle elementor-section-boxed elementor-section-height-default elementor-section-height-default\" data-id=\"6614e9b3\" data-element_type=\"section\" data-settings=\"{&quot;background_background&quot;:&quot;classic&quot;}\">\n\t\t\t\t\t\t<div class=\"elementor-container elementor-column-gap-wider\">\n\t\t\t\t\t<div class=\"elementor-column elementor-col-50 elementor-top-column elementor-element elementor-element-19cedddb\" data-id=\"19cedddb\" data-element_type=\"column\">\n\t\t\t<div class=\"elementor-widget-wrap elementor-element-populated\">\n\t\t\t\t\t\t<div class=\"elementor-element elementor-element-34492d13 elementor-widget elementor-widget-heading\" data-id=\"34492d13\" data-element_type=\"widget\" data-widget_type=\"heading.default\">\n\t\t\t\t<div class=\"elementor-widget-container\">\n\t\t\t\t\t<h2 class=\"elementor-heading-title elementor-size-default\">Send us a message<\/h2>\t\t\t\t<\/div>\n\t\t\t\t<\/div>\n\t\t\t\t<div class=\"elementor-element elementor-element-5f630060 elementor-widget elementor-widget-text-editor\" data-id=\"5f630060\" data-element_type=\"widget\" data-widget_type=\"text-editor.default\">\n\t\t\t\t<div class=\"elementor-widget-container\">\n\t\t\t\t\t\t\t\t\t<p>Add your own contact form here using WPForms or any other plugin and make sure you keep in touch with all your users.<\/p>\n<p><em><br \/>\n  <strong>Note:<\/strong><br \/>\n<\/em> <em>This is just a sample contact form.<\/em><\/p>\n\t\t\t\t\t\t\t\t<\/div>\n\t\t\t\t<\/div>\n\t\t\t\t<div class=\"elementor-element elementor-element-43d06faf elementor-widget elementor-widget-shortcode\" data-id=\"43d06faf\" data-element_type=\"widget\" data-widget_type=\"shortcode.default\">\n\t\t\t\t<div class=\"elementor-widget-container\">\n\t\t\t\t\t\t\t<div class=\"elementor-shortcode\">[wpforms id=\"4543\"]<\/div>\n\t\t\t\t\t\t<\/div>\n\t\t\t\t<\/div>\n\t\t\t\t\t<\/div>\n\t\t<\/div>\n\t\t\t\t<div class=\"elementor-column elementor-col-25 elementor-top-column elementor-element elementor-element-5a981c83\" data-id=\"5a981c83\" data-element_type=\"column\">\n\t\t\t<div class=\"elementor-widget-wrap\">\n\t\t\t\t\t\t\t<\/div>\n\t\t<\/div>\n\t\t\t\t<div class=\"elementor-column elementor-col-25 elementor-top-column elementor-element elementor-element-35563148\" data-id=\"35563148\" data-element_type=\"column\">\n\t\t\t<div class=\"elementor-widget-wrap elementor-element-populated\">\n\t\t\t\t\t\t<div class=\"elementor-element elementor-element-78ba7b62 elementor-position-left elementor-view-default elementor-mobile-position-top elementor-vertical-align-top elementor-widget elementor-widget-icon-box\" data-id=\"78ba7b62\" data-element_type=\"widget\" data-widget_type=\"icon-box.default\">\n\t\t\t\t<div class=\"elementor-widget-container\">\n\t\t\t\t\t\t\t<div class=\"elementor-icon-box-wrapper\">\n\n\t\t\t\t\t\t<div class=\"elementor-icon-box-icon\">\n\t\t\t\t<span  class=\"elementor-icon\">\n\t\t\t\t<i aria-hidden=\"true\" class=\"fas fa-star\"><\/i>\t\t\t\t<\/span>\n\t\t\t<\/div>\n\t\t\t\n\t\t\t\t\t\t<div class=\"elementor-icon-box-content\">\n\n\t\t\t\t\t\t\t\t\t<p class=\"elementor-icon-box-title\">\n\t\t\t\t\t\t<span  >\n\t\t\t\t\t\t\tFind us at the office\t\t\t\t\t\t<\/span>\n\t\t\t\t\t<\/p>\n\t\t\t\t\n\t\t\t\t\t\t\t\t\t<p class=\"elementor-icon-box-description\">\n\t\t\t\t\t\tStrada Povernei, nr 20\n<br>\nBucharest\n<br>\nRomania\t\t\t\t\t<\/p>\n\t\t\t\t\n\t\t\t<\/div>\n\t\t\t\n\t\t<\/div>\n\t\t\t\t\t\t<\/div>\n\t\t\t\t<\/div>\n\t\t\t\t<div class=\"elementor-element elementor-element-7b1afaa0 elementor-position-left elementor-view-default elementor-mobile-position-top elementor-vertical-align-top elementor-widget elementor-widget-icon-box\" data-id=\"7b1afaa0\" data-element_type=\"widget\" data-widget_type=\"icon-box.default\">\n\t\t\t\t<div class=\"elementor-widget-container\">\n\t\t\t\t\t\t\t<div class=\"elementor-icon-box-wrapper\">\n\n\t\t\t\t\t\t<div class=\"elementor-icon-box-icon\">\n\t\t\t\t<span  class=\"elementor-icon\">\n\t\t\t\t<i aria-hidden=\"true\" class=\"fas fa-star\"><\/i>\t\t\t\t<\/span>\n\t\t\t<\/div>\n\t\t\t\n\t\t\t\t\t\t<div class=\"elementor-icon-box-content\">\n\n\t\t\t\t\t\t\t\t\t<p class=\"elementor-icon-box-title\">\n\t\t\t\t\t\t<span  >\n\t\t\t\t\t\t\tGive us a ring\t\t\t\t\t\t<\/span>\n\t\t\t\t\t<\/p>\n\t\t\t\t\n\t\t\t\t\t\t\t\t\t<p class=\"elementor-icon-box-description\">\n\t\t\t\t\t\tMichael Jordan\n<br>\n+40 762 321 762\n<br>\nMon - Fri, 8:00-22:00\t\t\t\t\t<\/p>\n\t\t\t\t\n\t\t\t<\/div>\n\t\t\t\n\t\t<\/div>\n\t\t\t\t\t\t<\/div>\n\t\t\t\t<\/div>\n\t\t\t\t<div class=\"elementor-element elementor-element-21edb05e elementor-position-left elementor-view-default elementor-mobile-position-top elementor-vertical-align-top elementor-widget elementor-widget-icon-box\" data-id=\"21edb05e\" data-element_type=\"widget\" data-widget_type=\"icon-box.default\">\n\t\t\t\t<div class=\"elementor-widget-container\">\n\t\t\t\t\t\t\t<div class=\"elementor-icon-box-wrapper\">\n\n\t\t\t\t\t\t<div class=\"elementor-icon-box-icon\">\n\t\t\t\t<span  class=\"elementor-icon\">\n\t\t\t\t<i aria-hidden=\"true\" class=\"fas fa-star\"><\/i>\t\t\t\t<\/span>\n\t\t\t<\/div>\n\t\t\t\n\t\t\t\t\t\t<div class=\"elementor-icon-box-content\">\n\n\t\t\t\t\t\t\t\t\t<p class=\"elementor-icon-box-title\">\n\t\t\t\t\t\t<span  >\n\t\t\t\t\t\t\tLegal Information\t\t\t\t\t\t<\/span>\n\t\t\t\t\t<\/p>\n\t\t\t\t\n\t\t\t\t\t\t\t\t\t<p class=\"elementor-icon-box-description\">\n\t\t\t\t\t\tVertigo Studio SRL.\n<br>\nFiscal code: 29109287\n<br>\nRegistry of Commerce: J40\/11124\/2011\t\t\t\t\t<\/p>\n\t\t\t\t\n\t\t\t<\/div>\n\t\t\t\n\t\t<\/div>\n\t\t\t\t\t\t<\/div>\n\t\t\t\t<\/div>\n\t\t\t\t\t<\/div>\n\t\t<\/div>\n\t\t\t\t\t<\/div>\n\t\t<\/section>\n\t\t\t\t<\/div>\n\t\t","protected":false},"excerpt":{"rendered":"<p>Send us a message Add your own contact form here using WPForms or any other plugin and make sure you keep in touch with all your users. Note: This is just a sample contact form. [wpforms id=&#8221;4543&#8243;] Find us at the office Strada Povernei, nr 20 Bucharest Romania Give us [&hellip;]<\/p>\n","protected":false},"author":1,"featured_media":0,"parent":0,"menu_order":0,"comment_status":"closed","ping_status":"closed","template":"page-templates\/template-pagebuilder-full-width.php","meta":{"_themeisle_gutenberg_block_has_review":false,"footnotes":"","_wp_rev_ctl_limit":""},"class_list":["post-1761","page","type-page","status-publish","hentry"],"yoast_head":"<!-- This site is optimized with the Yoast SEO plugin v25.5 - https:\/\/yoast.com\/wordpress\/plugins\/seo\/ -->\n<title>Contact Us - NURIA Kunstausstellung<\/title>\n<meta name=\"description\" content=\"Das im Jahr 2020 neu gestartete Projekt NURIA, organisiert eine Kunstaustellung f\u00fcr Hobby- und Profik\u00fcnstler*innen aus Ilmenau und Umgebung. So sollen Talente und Kunstschaffende die Chance haben ihre Werke der \u00d6ffentlichkeit zu pr\u00e4sentieren und im entspannten Rahmenteam nuriaDas Team Nuriagemeinsam in den Dialog zu treten. Die erste NURIA Kunstaustellung besteht aus einem dreit\u00e4gigen Event und findet im neuen Festhalle Ilmenau | Kultur- und Kongresszentrum statt.\" \/>\n<meta name=\"robots\" content=\"index, follow, max-snippet:-1, max-image-preview:large, max-video-preview:-1\" \/>\n<link rel=\"canonical\" href=\"https:\/\/nuria.kuko-ev.de\/en\/contact-us\/\" \/>\n<meta property=\"og:locale\" content=\"en_US\" \/>\n<meta property=\"og:type\" content=\"article\" \/>\n<meta property=\"og:title\" content=\"Contact Us - NURIA Kunstausstellung\" \/>\n<meta property=\"og:description\" content=\"Das im Jahr 2020 neu gestartete Projekt NURIA, organisiert eine Kunstaustellung f\u00fcr Hobby- und Profik\u00fcnstler*innen aus Ilmenau und Umgebung. So sollen Talente und Kunstschaffende die Chance haben ihre Werke der \u00d6ffentlichkeit zu pr\u00e4sentieren und im entspannten Rahmenteam nuriaDas Team Nuriagemeinsam in den Dialog zu treten. Die erste NURIA Kunstaustellung besteht aus einem dreit\u00e4gigen Event und findet im neuen Festhalle Ilmenau | Kultur- und Kongresszentrum statt.\" \/>\n<meta property=\"og:url\" content=\"https:\/\/nuria.kuko-ev.de\/en\/contact-us\/\" \/>\n<meta property=\"og:site_name\" content=\"NURIA Kunstausstellung\" \/>\n<meta property=\"article:publisher\" content=\"https:\/\/www.facebook.com\/NURIA-Kunstausstellung-100878755285607\" \/>\n<meta property=\"article:modified_time\" content=\"2023-02-20T09:48:56+00:00\" \/>\n<meta property=\"og:image\" content=\"https:\/\/i0.wp.com\/nuria.kuko-ev.de\/wp-content\/uploads\/2021\/03\/cropped-cropped-NURIA-Logo-Gross.png?fit=512%2C512&ssl=1\" \/>\n\t<meta property=\"og:image:width\" content=\"512\" \/>\n\t<meta property=\"og:image:height\" content=\"512\" \/>\n\t<meta property=\"og:image:type\" content=\"image\/png\" \/>\n<meta name=\"twitter:card\" content=\"summary_large_image\" \/>\n<script type=\"application\/ld+json\" class=\"yoast-schema-graph\">{\"@context\":\"https:\/\/schema.org\",\"@graph\":[{\"@type\":\"WebPage\",\"@id\":\"https:\/\/nuria.kuko-ev.de\/en\/contact-us\/\",\"url\":\"https:\/\/nuria.kuko-ev.de\/en\/contact-us\/\",\"name\":\"Contact Us - NURIA Kunstausstellung\",\"isPartOf\":{\"@id\":\"https:\/\/nuria.kuko-ev.de\/en\/#website\"},\"datePublished\":\"2021-04-07T11:07:02+00:00\",\"dateModified\":\"2023-02-20T09:48:56+00:00\",\"description\":\"Das im Jahr 2020 neu gestartete Projekt NURIA, organisiert eine Kunstaustellung f\u00fcr Hobby- und Profik\u00fcnstler*innen aus Ilmenau und Umgebung. So sollen Talente und Kunstschaffende die Chance haben ihre Werke der \u00d6ffentlichkeit zu pr\u00e4sentieren und im entspannten Rahmenteam nuriaDas Team Nuriagemeinsam in den Dialog zu treten. Die erste NURIA Kunstaustellung besteht aus einem dreit\u00e4gigen Event und findet im neuen Festhalle Ilmenau | Kultur- und Kongresszentrum statt.\",\"breadcrumb\":{\"@id\":\"https:\/\/nuria.kuko-ev.de\/en\/contact-us\/#breadcrumb\"},\"inLanguage\":\"en-US\",\"potentialAction\":[{\"@type\":\"ReadAction\",\"target\":[\"https:\/\/nuria.kuko-ev.de\/en\/contact-us\/\"]}]},{\"@type\":\"BreadcrumbList\",\"@id\":\"https:\/\/nuria.kuko-ev.de\/en\/contact-us\/#breadcrumb\",\"itemListElement\":[{\"@type\":\"ListItem\",\"position\":1,\"name\":\"Startseite\",\"item\":\"https:\/\/nuria.kuko-ev.de\/en\/home\/\"},{\"@type\":\"ListItem\",\"position\":2,\"name\":\"Contact Us\"}]},{\"@type\":\"WebSite\",\"@id\":\"https:\/\/nuria.kuko-ev.de\/en\/#website\",\"url\":\"https:\/\/nuria.kuko-ev.de\/en\/\",\"name\":\"NURIA Kunstausstellung\",\"description\":\"Kulturelle Koordinierung e.V.\",\"publisher\":{\"@id\":\"https:\/\/nuria.kuko-ev.de\/en\/#organization\"},\"potentialAction\":[{\"@type\":\"SearchAction\",\"target\":{\"@type\":\"EntryPoint\",\"urlTemplate\":\"https:\/\/nuria.kuko-ev.de\/en\/?s={search_term_string}\"},\"query-input\":{\"@type\":\"PropertyValueSpecification\",\"valueRequired\":true,\"valueName\":\"search_term_string\"}}],\"inLanguage\":\"en-US\"},{\"@type\":\"Organization\",\"@id\":\"https:\/\/nuria.kuko-ev.de\/en\/#organization\",\"name\":\"NURIA\",\"url\":\"https:\/\/nuria.kuko-ev.de\/en\/\",\"logo\":{\"@type\":\"ImageObject\",\"inLanguage\":\"en-US\",\"@id\":\"https:\/\/nuria.kuko-ev.de\/en\/#\/schema\/logo\/image\/\",\"url\":\"https:\/\/i1.wp.com\/nuria.kuko-ev.de\/wp-content\/uploads\/2021\/03\/cropped-cropped-NURIA-Logo-Gross.png?fit=512%2C512&ssl=1\",\"contentUrl\":\"https:\/\/i1.wp.com\/nuria.kuko-ev.de\/wp-content\/uploads\/2021\/03\/cropped-cropped-NURIA-Logo-Gross.png?fit=512%2C512&ssl=1\",\"width\":512,\"height\":512,\"caption\":\"NURIA\"},\"image\":{\"@id\":\"https:\/\/nuria.kuko-ev.de\/en\/#\/schema\/logo\/image\/\"},\"sameAs\":[\"https:\/\/www.facebook.com\/NURIA-Kunstausstellung-100878755285607\",\"https:\/\/instagram.com\"]}]}<\/script>\n<!-- \/ Yoast SEO plugin. -->","yoast_head_json":{"title":"Contact Us - NURIA Kunstausstellung","description":"Das im Jahr 2020 neu gestartete Projekt NURIA, organisiert eine Kunstaustellung f\u00fcr Hobby- und Profik\u00fcnstler*innen aus Ilmenau und Umgebung. So sollen Talente und Kunstschaffende die Chance haben ihre Werke der \u00d6ffentlichkeit zu pr\u00e4sentieren und im entspannten Rahmenteam nuriaDas Team Nuriagemeinsam in den Dialog zu treten. Die erste NURIA Kunstaustellung besteht aus einem dreit\u00e4gigen Event und findet im neuen Festhalle Ilmenau | Kultur- und Kongresszentrum statt.","robots":{"index":"index","follow":"follow","max-snippet":"max-snippet:-1","max-image-preview":"max-image-preview:large","max-video-preview":"max-video-preview:-1"},"canonical":"https:\/\/nuria.kuko-ev.de\/en\/contact-us\/","og_locale":"en_US","og_type":"article","og_title":"Contact Us - NURIA Kunstausstellung","og_description":"Das im Jahr 2020 neu gestartete Projekt NURIA, organisiert eine Kunstaustellung f\u00fcr Hobby- und Profik\u00fcnstler*innen aus Ilmenau und Umgebung. So sollen Talente und Kunstschaffende die Chance haben ihre Werke der \u00d6ffentlichkeit zu pr\u00e4sentieren und im entspannten Rahmenteam nuriaDas Team Nuriagemeinsam in den Dialog zu treten. Die erste NURIA Kunstaustellung besteht aus einem dreit\u00e4gigen Event und findet im neuen Festhalle Ilmenau | Kultur- und Kongresszentrum statt.","og_url":"https:\/\/nuria.kuko-ev.de\/en\/contact-us\/","og_site_name":"NURIA Kunstausstellung","article_publisher":"https:\/\/www.facebook.com\/NURIA-Kunstausstellung-100878755285607","article_modified_time":"2023-02-20T09:48:56+00:00","og_image":[{"width":512,"height":512,"url":"https:\/\/i0.wp.com\/nuria.kuko-ev.de\/wp-content\/uploads\/2021\/03\/cropped-cropped-NURIA-Logo-Gross.png?fit=512%2C512&ssl=1","type":"image\/png"}],"twitter_card":"summary_large_image","schema":{"@context":"https:\/\/schema.org","@graph":[{"@type":"WebPage","@id":"https:\/\/nuria.kuko-ev.de\/en\/contact-us\/","url":"https:\/\/nuria.kuko-ev.de\/en\/contact-us\/","name":"Contact Us - NURIA Kunstausstellung","isPartOf":{"@id":"https:\/\/nuria.kuko-ev.de\/en\/#website"},"datePublished":"2021-04-07T11:07:02+00:00","dateModified":"2023-02-20T09:48:56+00:00","description":"Das im Jahr 2020 neu gestartete Projekt NURIA, organisiert eine Kunstaustellung f\u00fcr Hobby- und Profik\u00fcnstler*innen aus Ilmenau und Umgebung. So sollen Talente und Kunstschaffende die Chance haben ihre Werke der \u00d6ffentlichkeit zu pr\u00e4sentieren und im entspannten Rahmenteam nuriaDas Team Nuriagemeinsam in den Dialog zu treten. Die erste NURIA Kunstaustellung besteht aus einem dreit\u00e4gigen Event und findet im neuen Festhalle Ilmenau | Kultur- und Kongresszentrum statt.","breadcrumb":{"@id":"https:\/\/nuria.kuko-ev.de\/en\/contact-us\/#breadcrumb"},"inLanguage":"en-US","potentialAction":[{"@type":"ReadAction","target":["https:\/\/nuria.kuko-ev.de\/en\/contact-us\/"]}]},{"@type":"BreadcrumbList","@id":"https:\/\/nuria.kuko-ev.de\/en\/contact-us\/#breadcrumb","itemListElement":[{"@type":"ListItem","position":1,"name":"Startseite","item":"https:\/\/nuria.kuko-ev.de\/en\/home\/"},{"@type":"ListItem","position":2,"name":"Contact Us"}]},{"@type":"WebSite","@id":"https:\/\/nuria.kuko-ev.de\/en\/#website","url":"https:\/\/nuria.kuko-ev.de\/en\/","name":"NURIA Kunstausstellung","description":"Kulturelle Koordinierung e.V.","publisher":{"@id":"https:\/\/nuria.kuko-ev.de\/en\/#organization"},"potentialAction":[{"@type":"SearchAction","target":{"@type":"EntryPoint","urlTemplate":"https:\/\/nuria.kuko-ev.de\/en\/?s={search_term_string}"},"query-input":{"@type":"PropertyValueSpecification","valueRequired":true,"valueName":"search_term_string"}}],"inLanguage":"en-US"},{"@type":"Organization","@id":"https:\/\/nuria.kuko-ev.de\/en\/#organization","name":"NURIA","url":"https:\/\/nuria.kuko-ev.de\/en\/","logo":{"@type":"ImageObject","inLanguage":"en-US","@id":"https:\/\/nuria.kuko-ev.de\/en\/#\/schema\/logo\/image\/","url":"https:\/\/i1.wp.com\/nuria.kuko-ev.de\/wp-content\/uploads\/2021\/03\/cropped-cropped-NURIA-Logo-Gross.png?fit=512%2C512&ssl=1","contentUrl":"https:\/\/i1.wp.com\/nuria.kuko-ev.de\/wp-content\/uploads\/2021\/03\/cropped-cropped-NURIA-Logo-Gross.png?fit=512%2C512&ssl=1","width":512,"height":512,"caption":"NURIA"},"image":{"@id":"https:\/\/nuria.kuko-ev.de\/en\/#\/schema\/logo\/image\/"},"sameAs":["https:\/\/www.facebook.com\/NURIA-Kunstausstellung-100878755285607","https:\/\/instagram.com"]}]}},"jetpack_sharing_enabled":true,"_links":{"self":[{"href":"https:\/\/nuria.kuko-ev.de\/en\/wp-json\/wp\/v2\/pages\/1761","targetHints":{"allow":["GET"]}}],"collection":[{"href":"https:\/\/nuria.kuko-ev.de\/en\/wp-json\/wp\/v2\/pages"}],"about":[{"href":"https:\/\/nuria.kuko-ev.de\/en\/wp-json\/wp\/v2\/types\/page"}],"author":[{"embeddable":true,"href":"https:\/\/nuria.kuko-ev.de\/en\/wp-json\/wp\/v2\/users\/1"}],"replies":[{"embeddable":true,"href":"https:\/\/nuria.kuko-ev.de\/en\/wp-json\/wp\/v2\/comments?post=1761"}],"version-history":[{"count":0,"href":"https:\/\/nuria.kuko-ev.de\/en\/wp-json\/wp\/v2\/pages\/1761\/revisions"}],"wp:attachment":[{"href":"https:\/\/nuria.kuko-ev.de\/en\/wp-json\/wp\/v2\/media?parent=1761"}],"curies":[{"name":"wp","href":"https:\/\/api.w.org\/{rel}","templated":true}]}}